{"id":772,"date":"2016-08-03T09:19:50","date_gmt":"2016-08-03T09:19:50","guid":{"rendered":"http:\/\/www.hotelespanalanjaron.es\/en\/garcia-lorca-en-el-hotel-espana\/"},"modified":"2017-05-03T12:32:46","modified_gmt":"2017-05-03T12:32:46","slug":"garcia-lorca-en-el-hotel-espana","status":"publish","type":"page","link":"https:\/\/www.hotelespanalanjaron.es\/en\/garcia-lorca-en-el-hotel-espana\/","title":{"rendered":"Garc\u00eda Lorca en el Hotel Espa\u00f1a"},"content":{"rendered":"<p><img loading=\"lazy\" decoding=\"async\" class=\"size-full wp-image-109 aligncenter\" src=\"https:\/\/www.hotelespanalanjaron.es\/wp-content\/uploads\/2016\/08\/cabecera-lorca.jpg\" alt=\"Cabecera Garc\u00eda Lorca\" width=\"1499\" height=\"271\" srcset=\"https:\/\/www.hotelespanalanjaron.es\/wp-content\/uploads\/2016\/08\/cabecera-lorca.jpg 1499w, https:\/\/www.hotelespanalanjaron.es\/wp-content\/uploads\/2016\/08\/cabecera-lorca-760x137.jpg 760w, https:\/\/www.hotelespanalanjaron.es\/wp-content\/uploads\/2016\/08\/cabecera-lorca-768x139.jpg 768w, https:\/\/www.hotelespanalanjaron.es\/wp-content\/uploads\/2016\/08\/cabecera-lorca-1200x217.jpg 1200w\" sizes=\"auto, (max-width: 1499px) 100vw, 1499px\" \/><\/p>\n<div class=\"container750\">\n<p>&nbsp;<\/p>\n<h1>Garc\u00eda Lorca and the Hotel Espa\u00f1a<\/h1>\n<p>Isabel Garc\u00eda Lorca (Federico&#8217;sister) who wrote \u201cRecuerdos M\u00edos\u201d (Recollections) and who spent the summer from 1923\/24-1935 in Lanjar\u00f3n along with Federico stayed at the\u00a0<strong>Hotel Espa\u00f1a,<\/strong>\u00a0which was <em><strong>the best<\/strong>\u00a0and the closest hotel to the <\/em><strong><em>Balneario de Lanjar\u00f3n<\/em>.<\/strong><\/p>\n<p>She describes <strong>Lanjar\u00f3n<\/strong>\u00a0as a &#8220;<em>wonderful place surrounded by chestnut trees and small gardens growing vegetables and fruit, the likes of which they never tasted again&#8221;<\/em>.<\/p>\n<p>&#8220;<em>They came initially because their mother took the waters of the\u00a0Capuchina which was the best for the kidneys and for hepatitis&#8221;<\/em>. She said the pressure hose treatment gave her energy and life<em>.<\/em><\/p>\n<h2>In the Hotel<\/h2>\n<p>During their stay at the hotel the mostly rooms 207 and 207B which \u00a0consisted of two rooms and a <strong>big terrace<\/strong> from where they were able to see as far as the sea on clear days &#8211; an <strong>idylic environment<\/strong> <strong>which inspired<\/strong> some of the gypsy ballads. Federico livened up the evenings playing the piano.<\/p>\n<p>Federico made friends with the chambermaid who cleaned his room sympathizing with her as the hotel owner shouted. She used to say \u201cAy, she drives us crazy\u201d, an expression that ended their conversations every day.<\/p>\n<p>From the hotel he wrote to his friends for example, Sebasti\u00e1n Guash, Antonio de Luna Garcia, Ana Dal\u00ed and he joined Manuel de Falla round the piano. Here he planned part of the magazine &#8220;El Gallo&#8221;( the rooster), &#8220;Reyerta de Mozos&#8221;,\u00a0 \u201dLa Casada infiel\u201d basing this on real facts which were ocurring in the farm nearby as well as other works.<\/p>\n<h2>In the morning<\/h2>\n<p>After they accompanied their mother every morning to her treatments they spent time taking the different types of water from the springs of the <strong>Balneario de Lanjar\u00f3n\u00a0<\/strong>resulting in their having to rush to the bathroom using the excuse that a nun had fallen!.<\/p>\n<p>Having finishing they then headed off to try those memorable &#8220;bu\u00f1uelos&#8221; (spanish doughnuts) that were made in Lanjaron and that they continue to make &#8211; these were the best they had ever tried.<\/p>\n<p>Their father meanwhile used to sit reading the newspaper on the terrace where it was very pleasant.<\/p>\n<p>Federico attended the get-togethers (gatherings) very regularly and was much loved, in the which there was an incredible group of people from very diverse backgrounds and as well as priest.<\/p>\n<p>They spent a lot of time in the pool at the Spa during which time only women were allowed to use.<\/p>\n<h2>In the afternoons<\/h2>\n<p>In the afternoons they hiking in the mountains to some amazing places, remembering especially the &#8220;<strong>Valle del Gayombal&#8221;\u00a0<\/strong>&#8211; a closed &#8211; in valle of grey stone with enormous rocks full of gayombas (prickly pears) which looked up onto a strip of unforgettable indigo sky.<\/p>\n<p>Cuando las excursiones ten\u00edan mucho recorrido utilizaban recuas de caballos.<\/p>\n<p>When these excursions were longer and more arduous they used droves of horses. they also paid many visits to the Alpujarra by car and got to know the area very well. Federico continually admired the beauty of the countryside and constantly reminded his fellow travellers of this beauty so they could likewise enjoy it<\/p>\n<h2>The most youth of his secrets<\/h2>\n<p>His secret was called <a href=\"http:\/\/cultura.elpais.com\/cultura\/2009\/03\/08\/actualidad\/1236466801_850215.html\" target=\"_blank\" rel=\"nofollow noopener noreferrer\">M\u00aa Luisa Natera Ladr\u00f3n de Guevara<\/a>\u00a0and they met in the Balneario\u2026.<\/p>\n<\/div>\n<div class=\"fondo-c--escrito\">\n<p><img loading=\"lazy\" decoding=\"async\" class=\"alignnone size-full wp-image-111\" src=\"https:\/\/www.hotelespanalanjaron.es\/wp-content\/uploads\/2016\/08\/fotos-lorca.jpg\" alt=\"Fotograf\u00eda de Garc\u00eda Lorca en el hotel Espa\u00f1a (Lanjar\u00f3n)\" width=\"1550\" height=\"432\" srcset=\"https:\/\/www.hotelespanalanjaron.es\/wp-content\/uploads\/2016\/08\/fotos-lorca.jpg 1550w, https:\/\/www.hotelespanalanjaron.es\/wp-content\/uploads\/2016\/08\/fotos-lorca-760x212.jpg 760w, https:\/\/www.hotelespanalanjaron.es\/wp-content\/uploads\/2016\/08\/fotos-lorca-768x214.jpg 768w, https:\/\/www.hotelespanalanjaron.es\/wp-content\/uploads\/2016\/08\/fotos-lorca-1200x334.jpg 1200w\" sizes=\"auto, (max-width: 1550px) 100vw, 1550px\" \/><\/p>\n<div class=\"container750 fondo-c--pt fondo-c--pb\">\n<h2>In Images<\/h2>\n<style type='text\/css'>\n\t\t\t#gallery-1 {\n\t\t\t\tmargin: auto;\n\t\t\t}\n\t\t\t#gallery-1 .gallery-item {\n\t\t\t\tmargin-bottom: 10px;\n\t\t\t}\n\t\t\t#gallery-1 img {\n\t\t\t\tborder: 2px solid #cfcfcf;\n\t\t\t}\n\t\t\t#gallery-1 .gallery-caption {\n\t\t\t\tmargin-left: 0;\n\t\t\t}\n\t\t<\/style>\n<p>\t\t<!-- see gallery_shortcode() in wp-includes\/media.php --><\/p>\n<div id='' class='row galeria'>\n<dl class='gallery-item col-mov-6 col-tab-2 col-desk-2'>\n<dt class='gallery-icon'>\n\t\t\t<a href=\"https:\/\/www.hotelespanalanjaron.es\/wp-content\/uploads\/2016\/08\/1A.jpg\" title=\"1a\"  aria-hidden=\"true\" role=\"presentation\" data-gallery><img loading=\"lazy\" decoding=\"async\" width=\"150\" height=\"150\" src=\"https:\/\/www.hotelespanalanjaron.es\/wp-content\/uploads\/2016\/08\/1A-150x150.jpg\" class=\"attachment-thumbnail size-thumbnail\" alt=\"\" role=\"presentation\" srcset=\"https:\/\/www.hotelespanalanjaron.es\/wp-content\/uploads\/2016\/08\/1A-150x150.jpg 150w, https:\/\/www.hotelespanalanjaron.es\/wp-content\/uploads\/2016\/08\/1A-350x350.jpg 350w\" sizes=\"auto, (max-width: 150px) 100vw, 150px\" \/><\/a>\n\t\t<\/dt>\n<\/dl>\n<dl class='gallery-item col-mov-6 col-tab-2 col-desk-2'>\n<dt class='gallery-icon'>\n\t\t\t<a href=\"https:\/\/www.hotelespanalanjaron.es\/wp-content\/uploads\/2016\/08\/1B.jpg\" title=\"-Lorca2.jpg de Redaccion ABC-\"  aria-hidden=\"true\" role=\"presentation\" data-gallery><img loading=\"lazy\" decoding=\"async\" width=\"150\" height=\"150\" src=\"https:\/\/www.hotelespanalanjaron.es\/wp-content\/uploads\/2016\/08\/1B-150x150.jpg\" class=\"attachment-thumbnail size-thumbnail\" alt=\"\" role=\"presentation\" srcset=\"https:\/\/www.hotelespanalanjaron.es\/wp-content\/uploads\/2016\/08\/1B-150x150.jpg 150w, https:\/\/www.hotelespanalanjaron.es\/wp-content\/uploads\/2016\/08\/1B-350x350.jpg 350w\" sizes=\"auto, (max-width: 150px) 100vw, 150px\" \/><\/a>\n\t\t<\/dt>\n<dd class='gallery-caption'>\n\t\t\t\tABC\/Redacci\u00f3n.\n\t\t\t<\/dd>\n<\/dl>\n<dl class='gallery-item col-mov-6 col-tab-2 col-desk-2'>\n<dt class='gallery-icon'>\n\t\t\t<a href=\"https:\/\/www.hotelespanalanjaron.es\/wp-content\/uploads\/2016\/08\/2-2.jpg\" title=\"2\"  aria-hidden=\"true\" role=\"presentation\" data-gallery><img loading=\"lazy\" decoding=\"async\" width=\"150\" height=\"150\" src=\"https:\/\/www.hotelespanalanjaron.es\/wp-content\/uploads\/2016\/08\/2-2-150x150.jpg\" class=\"attachment-thumbnail size-thumbnail\" alt=\"\" role=\"presentation\" srcset=\"https:\/\/www.hotelespanalanjaron.es\/wp-content\/uploads\/2016\/08\/2-2-150x150.jpg 150w, https:\/\/www.hotelespanalanjaron.es\/wp-content\/uploads\/2016\/08\/2-2-350x350.jpg 350w\" sizes=\"auto, (max-width: 150px) 100vw, 150px\" \/><\/a>\n\t\t<\/dt>\n<\/dl>\n<dl class='gallery-item col-mov-6 col-tab-2 col-desk-2'>\n<dt class='gallery-icon'>\n\t\t\t<a href=\"https:\/\/www.hotelespanalanjaron.es\/wp-content\/uploads\/2016\/08\/3-3.jpg\" title=\"3\"  aria-hidden=\"true\" role=\"presentation\" data-gallery><img loading=\"lazy\" decoding=\"async\" width=\"150\" height=\"150\" src=\"https:\/\/www.hotelespanalanjaron.es\/wp-content\/uploads\/2016\/08\/3-3-150x150.jpg\" class=\"attachment-thumbnail size-thumbnail\" alt=\"\" role=\"presentation\" srcset=\"https:\/\/www.hotelespanalanjaron.es\/wp-content\/uploads\/2016\/08\/3-3-150x150.jpg 150w, https:\/\/www.hotelespanalanjaron.es\/wp-content\/uploads\/2016\/08\/3-3-350x350.jpg 350w\" sizes=\"auto, (max-width: 150px) 100vw, 150px\" \/><\/a>\n\t\t<\/dt>\n<\/dl>\n<dl class='gallery-item col-mov-6 col-tab-2 col-desk-2'>\n<dt class='gallery-icon'>\n\t\t\t<a href=\"https:\/\/www.hotelespanalanjaron.es\/wp-content\/uploads\/2016\/08\/4-2.jpg\" title=\"4\"  aria-hidden=\"true\" role=\"presentation\" data-gallery><img loading=\"lazy\" decoding=\"async\" width=\"150\" height=\"150\" src=\"https:\/\/www.hotelespanalanjaron.es\/wp-content\/uploads\/2016\/08\/4-2-150x150.jpg\" class=\"attachment-thumbnail size-thumbnail\" alt=\"\" role=\"presentation\" srcset=\"https:\/\/www.hotelespanalanjaron.es\/wp-content\/uploads\/2016\/08\/4-2-150x150.jpg 150w, https:\/\/www.hotelespanalanjaron.es\/wp-content\/uploads\/2016\/08\/4-2-350x350.jpg 350w\" sizes=\"auto, (max-width: 150px) 100vw, 150px\" \/><\/a>\n\t\t<\/dt>\n<\/dl>\n<dl class='gallery-item col-mov-6 col-tab-2 col-desk-2'>\n<dt class='gallery-icon'>\n\t\t\t<a href=\"https:\/\/www.hotelespanalanjaron.es\/wp-content\/uploads\/2016\/08\/13.jpg\" title=\"13\"  aria-hidden=\"true\" role=\"presentation\" data-gallery><img loading=\"lazy\" decoding=\"async\" width=\"150\" height=\"150\" src=\"https:\/\/www.hotelespanalanjaron.es\/wp-content\/uploads\/2016\/08\/13-150x150.jpg\" class=\"attachment-thumbnail size-thumbnail\" alt=\"\" role=\"presentation\" srcset=\"https:\/\/www.hotelespanalanjaron.es\/wp-content\/uploads\/2016\/08\/13-150x150.jpg 150w, https:\/\/www.hotelespanalanjaron.es\/wp-content\/uploads\/2016\/08\/13-350x350.jpg 350w\" sizes=\"auto, (max-width: 150px) 100vw, 150px\" \/><\/a>\n\t\t<\/dt>\n<\/dl>\n<dl class='gallery-item col-mov-6 col-tab-2 col-desk-2'>\n<dt class='gallery-icon'>\n\t\t\t<a href=\"https:\/\/www.hotelespanalanjaron.es\/wp-content\/uploads\/2016\/08\/5-2.jpg\" title=\"5\"  aria-hidden=\"true\" role=\"presentation\" data-gallery><img loading=\"lazy\" decoding=\"async\" width=\"150\" height=\"150\" src=\"https:\/\/www.hotelespanalanjaron.es\/wp-content\/uploads\/2016\/08\/5-2-150x150.jpg\" class=\"attachment-thumbnail size-thumbnail\" alt=\"\" role=\"presentation\" srcset=\"https:\/\/www.hotelespanalanjaron.es\/wp-content\/uploads\/2016\/08\/5-2-150x150.jpg 150w, https:\/\/www.hotelespanalanjaron.es\/wp-content\/uploads\/2016\/08\/5-2-350x350.jpg 350w\" sizes=\"auto, (max-width: 150px) 100vw, 150px\" \/><\/a>\n\t\t<\/dt>\n<\/dl>\n<dl class='gallery-item col-mov-6 col-tab-2 col-desk-2'>\n<dt class='gallery-icon'>\n\t\t\t<a href=\"https:\/\/www.hotelespanalanjaron.es\/wp-content\/uploads\/2016\/08\/15.jpg\" title=\"15\"  aria-hidden=\"true\" role=\"presentation\" data-gallery><img loading=\"lazy\" decoding=\"async\" width=\"150\" height=\"150\" src=\"https:\/\/www.hotelespanalanjaron.es\/wp-content\/uploads\/2016\/08\/15-150x150.jpg\" class=\"attachment-thumbnail size-thumbnail\" alt=\"\" role=\"presentation\" srcset=\"https:\/\/www.hotelespanalanjaron.es\/wp-content\/uploads\/2016\/08\/15-150x150.jpg 150w, https:\/\/www.hotelespanalanjaron.es\/wp-content\/uploads\/2016\/08\/15-350x350.jpg 350w\" sizes=\"auto, (max-width: 150px) 100vw, 150px\" \/><\/a>\n\t\t<\/dt>\n<\/dl>\n<dl class='gallery-item col-mov-6 col-tab-2 col-desk-2'>\n<dt class='gallery-icon'>\n\t\t\t<a href=\"https:\/\/www.hotelespanalanjaron.es\/wp-content\/uploads\/2016\/08\/16.jpg\" title=\"16\"  aria-hidden=\"true\" role=\"presentation\" data-gallery><img loading=\"lazy\" decoding=\"async\" width=\"150\" height=\"150\" src=\"https:\/\/www.hotelespanalanjaron.es\/wp-content\/uploads\/2016\/08\/16-150x150.jpg\" class=\"attachment-thumbnail size-thumbnail\" alt=\"\" role=\"presentation\" srcset=\"https:\/\/www.hotelespanalanjaron.es\/wp-content\/uploads\/2016\/08\/16-150x150.jpg 150w, https:\/\/www.hotelespanalanjaron.es\/wp-content\/uploads\/2016\/08\/16-350x350.jpg 350w\" sizes=\"auto, (max-width: 150px) 100vw, 150px\" \/><\/a>\n\t\t<\/dt>\n<\/dl>\n<dl class='gallery-item col-mov-6 col-tab-2 col-desk-2'>\n<dt class='gallery-icon'>\n\t\t\t<a href=\"https:\/\/www.hotelespanalanjaron.es\/wp-content\/uploads\/2016\/08\/17.jpg\" title=\"17\"  aria-hidden=\"true\" role=\"presentation\" data-gallery><img loading=\"lazy\" decoding=\"async\" width=\"150\" height=\"150\" src=\"https:\/\/www.hotelespanalanjaron.es\/wp-content\/uploads\/2016\/08\/17-150x150.jpg\" class=\"attachment-thumbnail size-thumbnail\" alt=\"\" role=\"presentation\" srcset=\"https:\/\/www.hotelespanalanjaron.es\/wp-content\/uploads\/2016\/08\/17-150x150.jpg 150w, https:\/\/www.hotelespanalanjaron.es\/wp-content\/uploads\/2016\/08\/17-350x350.jpg 350w\" sizes=\"auto, (max-width: 150px) 100vw, 150px\" \/><\/a>\n\t\t<\/dt>\n<\/dl>\n<dl class='gallery-item col-mov-6 col-tab-2 col-desk-2'>\n<dt class='gallery-icon'>\n\t\t\t<a href=\"https:\/\/www.hotelespanalanjaron.es\/wp-content\/uploads\/2016\/08\/18.jpg\" title=\"18\"  aria-hidden=\"true\" role=\"presentation\" data-gallery><img loading=\"lazy\" decoding=\"async\" width=\"150\" height=\"150\" src=\"https:\/\/www.hotelespanalanjaron.es\/wp-content\/uploads\/2016\/08\/18-150x150.jpg\" class=\"attachment-thumbnail size-thumbnail\" alt=\"\" role=\"presentation\" srcset=\"https:\/\/www.hotelespanalanjaron.es\/wp-content\/uploads\/2016\/08\/18-150x150.jpg 150w, https:\/\/www.hotelespanalanjaron.es\/wp-content\/uploads\/2016\/08\/18-350x350.jpg 350w\" sizes=\"auto, (max-width: 150px) 100vw, 150px\" \/><\/a>\n\t\t<\/dt>\n<\/dl>\n<dl class='gallery-item col-mov-6 col-tab-2 col-desk-2'>\n<dt class='gallery-icon'>\n\t\t\t<a href=\"https:\/\/www.hotelespanalanjaron.es\/wp-content\/uploads\/2016\/08\/19.jpg\" title=\"19\"  aria-hidden=\"true\" role=\"presentation\" data-gallery><img loading=\"lazy\" decoding=\"async\" width=\"150\" height=\"150\" src=\"https:\/\/www.hotelespanalanjaron.es\/wp-content\/uploads\/2016\/08\/19-150x150.jpg\" class=\"attachment-thumbnail size-thumbnail\" alt=\"\" role=\"presentation\" srcset=\"https:\/\/www.hotelespanalanjaron.es\/wp-content\/uploads\/2016\/08\/19-150x150.jpg 150w, https:\/\/www.hotelespanalanjaron.es\/wp-content\/uploads\/2016\/08\/19-350x350.jpg 350w\" sizes=\"auto, (max-width: 150px) 100vw, 150px\" \/><\/a>\n\t\t<\/dt>\n<\/dl>\n<dl class='gallery-item col-mov-6 col-tab-2 col-desk-2'>\n<dt class='gallery-icon'>\n\t\t\t<a href=\"https:\/\/www.hotelespanalanjaron.es\/wp-content\/uploads\/2016\/08\/21.jpg\" title=\"21\"  aria-hidden=\"true\" role=\"presentation\" data-gallery><img loading=\"lazy\" decoding=\"async\" width=\"150\" height=\"150\" src=\"https:\/\/www.hotelespanalanjaron.es\/wp-content\/uploads\/2016\/08\/21-150x150.jpg\" class=\"attachment-thumbnail size-thumbnail\" alt=\"\" role=\"presentation\" srcset=\"https:\/\/www.hotelespanalanjaron.es\/wp-content\/uploads\/2016\/08\/21-150x150.jpg 150w, https:\/\/www.hotelespanalanjaron.es\/wp-content\/uploads\/2016\/08\/21-350x350.jpg 350w\" sizes=\"auto, (max-width: 150px) 100vw, 150px\" \/><\/a>\n\t\t<\/dt>\n<\/dl>\n<dl class='gallery-item col-mov-6 col-tab-2 col-desk-2'>\n<dt class='gallery-icon'>\n\t\t\t<a href=\"https:\/\/www.hotelespanalanjaron.es\/wp-content\/uploads\/2016\/08\/20.jpg\" title=\"20\"  aria-hidden=\"true\" role=\"presentation\" data-gallery><img loading=\"lazy\" decoding=\"async\" width=\"150\" height=\"150\" src=\"https:\/\/www.hotelespanalanjaron.es\/wp-content\/uploads\/2016\/08\/20-150x150.jpg\" class=\"attachment-thumbnail size-thumbnail\" alt=\"\" role=\"presentation\" srcset=\"https:\/\/www.hotelespanalanjaron.es\/wp-content\/uploads\/2016\/08\/20-150x150.jpg 150w, https:\/\/www.hotelespanalanjaron.es\/wp-content\/uploads\/2016\/08\/20-350x350.jpg 350w\" sizes=\"auto, (max-width: 150px) 100vw, 150px\" \/><\/a>\n\t\t<\/dt>\n<\/dl>\n<dl class='gallery-item col-mov-6 col-tab-2 col-desk-2'>\n<dt class='gallery-icon'>\n\t\t\t<a href=\"https:\/\/www.hotelespanalanjaron.es\/wp-content\/uploads\/2016\/08\/8-2.jpg\" title=\"8\"  aria-hidden=\"true\" role=\"presentation\" data-gallery><img loading=\"lazy\" decoding=\"async\" width=\"150\" height=\"150\" src=\"https:\/\/www.hotelespanalanjaron.es\/wp-content\/uploads\/2016\/08\/8-2-150x150.jpg\" class=\"attachment-thumbnail size-thumbnail\" alt=\"\" role=\"presentation\" srcset=\"https:\/\/www.hotelespanalanjaron.es\/wp-content\/uploads\/2016\/08\/8-2-150x150.jpg 150w, https:\/\/www.hotelespanalanjaron.es\/wp-content\/uploads\/2016\/08\/8-2-350x350.jpg 350w\" sizes=\"auto, (max-width: 150px) 100vw, 150px\" \/><\/a>\n\t\t<\/dt>\n<\/dl>\n<dl class='gallery-item col-mov-6 col-tab-2 col-desk-2'>\n<dt class='gallery-icon'>\n\t\t\t<a href=\"https:\/\/www.hotelespanalanjaron.es\/wp-content\/uploads\/2016\/08\/6-1.jpg\" title=\"6\"  aria-hidden=\"true\" role=\"presentation\" data-gallery><img loading=\"lazy\" decoding=\"async\" width=\"150\" height=\"150\" src=\"https:\/\/www.hotelespanalanjaron.es\/wp-content\/uploads\/2016\/08\/6-1-150x150.jpg\" class=\"attachment-thumbnail size-thumbnail\" alt=\"\" role=\"presentation\" srcset=\"https:\/\/www.hotelespanalanjaron.es\/wp-content\/uploads\/2016\/08\/6-1-150x150.jpg 150w, https:\/\/www.hotelespanalanjaron.es\/wp-content\/uploads\/2016\/08\/6-1-350x350.jpg 350w\" sizes=\"auto, (max-width: 150px) 100vw, 150px\" \/><\/a>\n\t\t<\/dt>\n<\/dl>\n<dl class='gallery-item col-mov-6 col-tab-2 col-desk-2'>\n<dt class='gallery-icon'>\n\t\t\t<a href=\"https:\/\/www.hotelespanalanjaron.es\/wp-content\/uploads\/2016\/08\/7-2.jpg\" title=\"7\"  aria-hidden=\"true\" role=\"presentation\" data-gallery><img loading=\"lazy\" decoding=\"async\" width=\"150\" height=\"150\" src=\"https:\/\/www.hotelespanalanjaron.es\/wp-content\/uploads\/2016\/08\/7-2-150x150.jpg\" class=\"attachment-thumbnail size-thumbnail\" alt=\"\" role=\"presentation\" srcset=\"https:\/\/www.hotelespanalanjaron.es\/wp-content\/uploads\/2016\/08\/7-2-150x150.jpg 150w, https:\/\/www.hotelespanalanjaron.es\/wp-content\/uploads\/2016\/08\/7-2-350x350.jpg 350w\" sizes=\"auto, (max-width: 150px) 100vw, 150px\" \/><\/a>\n\t\t<\/dt>\n<\/dl>\n<dl class='gallery-item col-mov-6 col-tab-2 col-desk-2'>\n<dt class='gallery-icon'>\n\t\t\t<a href=\"https:\/\/www.hotelespanalanjaron.es\/wp-content\/uploads\/2016\/08\/14.jpg\" title=\"14\"  aria-hidden=\"true\" role=\"presentation\" data-gallery><img loading=\"lazy\" decoding=\"async\" width=\"150\" height=\"150\" src=\"https:\/\/www.hotelespanalanjaron.es\/wp-content\/uploads\/2016\/08\/14-150x150.jpg\" class=\"attachment-thumbnail size-thumbnail\" alt=\"\" role=\"presentation\" srcset=\"https:\/\/www.hotelespanalanjaron.es\/wp-content\/uploads\/2016\/08\/14-150x150.jpg 150w, https:\/\/www.hotelespanalanjaron.es\/wp-content\/uploads\/2016\/08\/14-350x350.jpg 350w\" sizes=\"auto, (max-width: 150px) 100vw, 150px\" \/><\/a>\n\t\t<\/dt>\n<\/dl>\n<dl class='gallery-item col-mov-6 col-tab-2 col-desk-2'>\n<dt class='gallery-icon'>\n\t\t\t<a href=\"https:\/\/www.hotelespanalanjaron.es\/wp-content\/uploads\/2016\/08\/9-1.jpg\" title=\"9\"  aria-hidden=\"true\" role=\"presentation\" data-gallery><img loading=\"lazy\" decoding=\"async\" width=\"150\" height=\"150\" src=\"https:\/\/www.hotelespanalanjaron.es\/wp-content\/uploads\/2016\/08\/9-1-150x150.jpg\" class=\"attachment-thumbnail size-thumbnail\" alt=\"\" role=\"presentation\" srcset=\"https:\/\/www.hotelespanalanjaron.es\/wp-content\/uploads\/2016\/08\/9-1-150x150.jpg 150w, https:\/\/www.hotelespanalanjaron.es\/wp-content\/uploads\/2016\/08\/9-1-350x350.jpg 350w\" sizes=\"auto, (max-width: 150px) 100vw, 150px\" \/><\/a>\n\t\t<\/dt>\n<\/dl>\n<dl class='gallery-item col-mov-6 col-tab-2 col-desk-2'>\n<dt class='gallery-icon'>\n\t\t\t<a href=\"https:\/\/www.hotelespanalanjaron.es\/wp-content\/uploads\/2016\/08\/11-1.jpg\" title=\"11\"  aria-hidden=\"true\" role=\"presentation\" data-gallery><img loading=\"lazy\" decoding=\"async\" width=\"150\" height=\"150\" src=\"https:\/\/www.hotelespanalanjaron.es\/wp-content\/uploads\/2016\/08\/11-1-150x150.jpg\" class=\"attachment-thumbnail size-thumbnail\" alt=\"\" role=\"presentation\" srcset=\"https:\/\/www.hotelespanalanjaron.es\/wp-content\/uploads\/2016\/08\/11-1-150x150.jpg 150w, https:\/\/www.hotelespanalanjaron.es\/wp-content\/uploads\/2016\/08\/11-1-350x350.jpg 350w\" sizes=\"auto, (max-width: 150px) 100vw, 150px\" \/><\/a>\n\t\t<\/dt>\n<\/dl>\n<dl class='gallery-item col-mov-6 col-tab-2 col-desk-2'>\n<dt class='gallery-icon'>\n\t\t\t<a href=\"https:\/\/www.hotelespanalanjaron.es\/wp-content\/uploads\/2016\/08\/12-1.jpg\" title=\"12\"  aria-hidden=\"true\" role=\"presentation\" data-gallery><img loading=\"lazy\" decoding=\"async\" width=\"150\" height=\"150\" src=\"https:\/\/www.hotelespanalanjaron.es\/wp-content\/uploads\/2016\/08\/12-1-150x150.jpg\" class=\"attachment-thumbnail size-thumbnail\" alt=\"\" role=\"presentation\" srcset=\"https:\/\/www.hotelespanalanjaron.es\/wp-content\/uploads\/2016\/08\/12-1-150x150.jpg 150w, https:\/\/www.hotelespanalanjaron.es\/wp-content\/uploads\/2016\/08\/12-1-350x350.jpg 350w\" sizes=\"auto, (max-width: 150px) 100vw, 150px\" \/><\/a>\n\t\t<\/dt>\n<\/dl>\n<dl class='gallery-item col-mov-6 col-tab-2 col-desk-2'>\n<dt class='gallery-icon'>\n\t\t\t<a href=\"https:\/\/www.hotelespanalanjaron.es\/wp-content\/uploads\/2016\/08\/10-1.jpg\" title=\"10\"  aria-hidden=\"true\" role=\"presentation\" data-gallery><img loading=\"lazy\" decoding=\"async\" width=\"150\" height=\"150\" src=\"https:\/\/www.hotelespanalanjaron.es\/wp-content\/uploads\/2016\/08\/10-1-150x150.jpg\" class=\"attachment-thumbnail size-thumbnail\" alt=\"\" role=\"presentation\" srcset=\"https:\/\/www.hotelespanalanjaron.es\/wp-content\/uploads\/2016\/08\/10-1-150x150.jpg 150w, https:\/\/www.hotelespanalanjaron.es\/wp-content\/uploads\/2016\/08\/10-1-350x350.jpg 350w\" sizes=\"auto, (max-width: 150px) 100vw, 150px\" \/><\/a>\n\t\t<\/dt>\n<\/dl>\n<\/div>\n<\/div>\n<p>&nbsp;<\/p>\n<p>&nbsp;<\/p>\n<\/div>\n","protected":false},"excerpt":{"rendered":"<p>&nbsp; Garc\u00eda Lorca and the Hotel Espa\u00f1a Isabel Garc\u00eda Lorca (Federico&#8217;sister) who wrote \u201cRecuerdos M\u00edos\u201d (Recollections) and who spent the summer from 1923\/24-1935 in Lanjar\u00f3n along with Federico stayed at the\u00a0Hotel Espa\u00f1a,\u00a0which was the best\u00a0and the closest hotel to the Balneario de Lanjar\u00f3n. She describes Lanjar\u00f3n\u00a0as a &#8220;wonderful place surrounded by chestnut trees and small [&hellip;]<\/p>\n","protected":false},"author":1,"featured_media":0,"parent":0,"menu_order":0,"comment_status":"closed","ping_status":"closed","template":"","meta":{"footnotes":""},"class_list":["post-772","page","type-page","status-publish","hentry"],"acf":[],"yoast_head":"<!-- This site is optimized with the Yoast SEO plugin v20.6 - https:\/\/yoast.com\/wordpress\/plugins\/seo\/ -->\n<title>Garc\u00eda Lorca en el Hotel Espa\u00f1a - Hotel Espa\u00f1a Balc\u00f3n de Lorca<\/title>\n<meta name=\"description\" content=\"En esta p\u00e1gina podr\u00e1s conocer c\u00f3mo era la estancia de Garc\u00eda Lorca en el Hotel Espa\u00f1a en Lanjar\u00f3n, en la Alpujarra de Granada\" \/>\n<meta name=\"robots\" content=\"index, follow, max-snippet:-1, max-image-preview:large, max-video-preview:-1\" \/>\n<link rel=\"canonical\" href=\"https:\/\/www.hotelespanalanjaron.es\/en\/garcia-lorca-en-el-hotel-espana\/\" \/>\n<meta property=\"og:locale\" content=\"en_US\" \/>\n<meta property=\"og:type\" content=\"article\" \/>\n<meta property=\"og:title\" content=\"Garc\u00eda Lorca en el Hotel Espa\u00f1a - Hotel Espa\u00f1a Balc\u00f3n de Lorca\" \/>\n<meta property=\"og:description\" content=\"En esta p\u00e1gina podr\u00e1s conocer c\u00f3mo era la estancia de Garc\u00eda Lorca en el Hotel Espa\u00f1a en Lanjar\u00f3n, en la Alpujarra de Granada\" \/>\n<meta property=\"og:url\" content=\"https:\/\/www.hotelespanalanjaron.es\/en\/garcia-lorca-en-el-hotel-espana\/\" \/>\n<meta property=\"og:site_name\" content=\"Hotel Espa\u00f1a Balc\u00f3n de Lorca\" \/>\n<meta property=\"article:modified_time\" content=\"2017-05-03T12:32:46+00:00\" \/>\n<meta property=\"og:image\" content=\"https:\/\/www.hotelespanalanjaron.es\/wp-content\/uploads\/2016\/08\/1A-150x150.jpg\" \/>\n<meta name=\"twitter:card\" content=\"summary_large_image\" \/>\n<meta name=\"twitter:label1\" content=\"Est. reading time\" \/>\n\t<meta name=\"twitter:data1\" content=\"3 minutes\" \/>\n<script type=\"application\/ld+json\" class=\"yoast-schema-graph\">{\"@context\":\"https:\/\/schema.org\",\"@graph\":[{\"@type\":\"WebPage\",\"@id\":\"https:\/\/www.hotelespanalanjaron.es\/en\/garcia-lorca-en-el-hotel-espana\/\",\"url\":\"https:\/\/www.hotelespanalanjaron.es\/en\/garcia-lorca-en-el-hotel-espana\/\",\"name\":\"Garc\u00eda Lorca en el Hotel Espa\u00f1a - Hotel Espa\u00f1a Balc\u00f3n de Lorca\",\"isPartOf\":{\"@id\":\"https:\/\/www.hotelespanalanjaron.es\/#website\"},\"datePublished\":\"2016-08-03T09:19:50+00:00\",\"dateModified\":\"2017-05-03T12:32:46+00:00\",\"description\":\"En esta p\u00e1gina podr\u00e1s conocer c\u00f3mo era la estancia de Garc\u00eda Lorca en el Hotel Espa\u00f1a en Lanjar\u00f3n, en la Alpujarra de Granada\",\"breadcrumb\":{\"@id\":\"https:\/\/www.hotelespanalanjaron.es\/en\/garcia-lorca-en-el-hotel-espana\/#breadcrumb\"},\"inLanguage\":\"en-US\",\"potentialAction\":[{\"@type\":\"ReadAction\",\"target\":[\"https:\/\/www.hotelespanalanjaron.es\/en\/garcia-lorca-en-el-hotel-espana\/\"]}]},{\"@type\":\"BreadcrumbList\",\"@id\":\"https:\/\/www.hotelespanalanjaron.es\/en\/garcia-lorca-en-el-hotel-espana\/#breadcrumb\",\"itemListElement\":[{\"@type\":\"ListItem\",\"position\":1,\"name\":\"\",\"item\":\"https:\/\/www.hotelespanalanjaron.es\/en\/\"},{\"@type\":\"ListItem\",\"position\":2,\"name\":\"Garc\u00eda Lorca en el Hotel Espa\u00f1a\"}]},{\"@type\":\"WebSite\",\"@id\":\"https:\/\/www.hotelespanalanjaron.es\/#website\",\"url\":\"https:\/\/www.hotelespanalanjaron.es\/\",\"name\":\"Hotel Espa\u00f1a Balc\u00f3n de Lorca\",\"description\":\"Hotel y Restaurante en Lanjar\u00f3n (Granada)\",\"potentialAction\":[{\"@type\":\"SearchAction\",\"target\":{\"@type\":\"EntryPoint\",\"urlTemplate\":\"https:\/\/www.hotelespanalanjaron.es\/?s={search_term_string}\"},\"query-input\":\"required name=search_term_string\"}],\"inLanguage\":\"en-US\"}]}<\/script>\n<!-- \/ Yoast SEO plugin. -->","yoast_head_json":{"title":"Garc\u00eda Lorca en el Hotel Espa\u00f1a - Hotel Espa\u00f1a Balc\u00f3n de Lorca","description":"En esta p\u00e1gina podr\u00e1s conocer c\u00f3mo era la estancia de Garc\u00eda Lorca en el Hotel Espa\u00f1a en Lanjar\u00f3n, en la Alpujarra de Granada","robots":{"index":"index","follow":"follow","max-snippet":"max-snippet:-1","max-image-preview":"max-image-preview:large","max-video-preview":"max-video-preview:-1"},"canonical":"https:\/\/www.hotelespanalanjaron.es\/en\/garcia-lorca-en-el-hotel-espana\/","og_locale":"en_US","og_type":"article","og_title":"Garc\u00eda Lorca en el Hotel Espa\u00f1a - Hotel Espa\u00f1a Balc\u00f3n de Lorca","og_description":"En esta p\u00e1gina podr\u00e1s conocer c\u00f3mo era la estancia de Garc\u00eda Lorca en el Hotel Espa\u00f1a en Lanjar\u00f3n, en la Alpujarra de Granada","og_url":"https:\/\/www.hotelespanalanjaron.es\/en\/garcia-lorca-en-el-hotel-espana\/","og_site_name":"Hotel Espa\u00f1a Balc\u00f3n de Lorca","article_modified_time":"2017-05-03T12:32:46+00:00","og_image":[{"url":"https:\/\/www.hotelespanalanjaron.es\/wp-content\/uploads\/2016\/08\/1A-150x150.jpg"}],"twitter_card":"summary_large_image","twitter_misc":{"Est. reading time":"3 minutes"},"schema":{"@context":"https:\/\/schema.org","@graph":[{"@type":"WebPage","@id":"https:\/\/www.hotelespanalanjaron.es\/en\/garcia-lorca-en-el-hotel-espana\/","url":"https:\/\/www.hotelespanalanjaron.es\/en\/garcia-lorca-en-el-hotel-espana\/","name":"Garc\u00eda Lorca en el Hotel Espa\u00f1a - Hotel Espa\u00f1a Balc\u00f3n de Lorca","isPartOf":{"@id":"https:\/\/www.hotelespanalanjaron.es\/#website"},"datePublished":"2016-08-03T09:19:50+00:00","dateModified":"2017-05-03T12:32:46+00:00","description":"En esta p\u00e1gina podr\u00e1s conocer c\u00f3mo era la estancia de Garc\u00eda Lorca en el Hotel Espa\u00f1a en Lanjar\u00f3n, en la Alpujarra de Granada","breadcrumb":{"@id":"https:\/\/www.hotelespanalanjaron.es\/en\/garcia-lorca-en-el-hotel-espana\/#breadcrumb"},"inLanguage":"en-US","potentialAction":[{"@type":"ReadAction","target":["https:\/\/www.hotelespanalanjaron.es\/en\/garcia-lorca-en-el-hotel-espana\/"]}]},{"@type":"BreadcrumbList","@id":"https:\/\/www.hotelespanalanjaron.es\/en\/garcia-lorca-en-el-hotel-espana\/#breadcrumb","itemListElement":[{"@type":"ListItem","position":1,"name":"","item":"https:\/\/www.hotelespanalanjaron.es\/en\/"},{"@type":"ListItem","position":2,"name":"Garc\u00eda Lorca en el Hotel Espa\u00f1a"}]},{"@type":"WebSite","@id":"https:\/\/www.hotelespanalanjaron.es\/#website","url":"https:\/\/www.hotelespanalanjaron.es\/","name":"Hotel Espa\u00f1a Balc\u00f3n de Lorca","description":"Hotel y Restaurante en Lanjar\u00f3n (Granada)","potentialAction":[{"@type":"SearchAction","target":{"@type":"EntryPoint","urlTemplate":"https:\/\/www.hotelespanalanjaron.es\/?s={search_term_string}"},"query-input":"required name=search_term_string"}],"inLanguage":"en-US"}]}},"_links":{"self":[{"href":"https:\/\/www.hotelespanalanjaron.es\/en\/wp-json\/wp\/v2\/pages\/772","targetHints":{"allow":["GET"]}}],"collection":[{"href":"https:\/\/www.hotelespanalanjaron.es\/en\/wp-json\/wp\/v2\/pages"}],"about":[{"href":"https:\/\/www.hotelespanalanjaron.es\/en\/wp-json\/wp\/v2\/types\/page"}],"author":[{"embeddable":true,"href":"https:\/\/www.hotelespanalanjaron.es\/en\/wp-json\/wp\/v2\/users\/1"}],"replies":[{"embeddable":true,"href":"https:\/\/www.hotelespanalanjaron.es\/en\/wp-json\/wp\/v2\/comments?post=772"}],"version-history":[{"count":6,"href":"https:\/\/www.hotelespanalanjaron.es\/en\/wp-json\/wp\/v2\/pages\/772\/revisions"}],"predecessor-version":[{"id":780,"href":"https:\/\/www.hotelespanalanjaron.es\/en\/wp-json\/wp\/v2\/pages\/772\/revisions\/780"}],"wp:attachment":[{"href":"https:\/\/www.hotelespanalanjaron.es\/en\/wp-json\/wp\/v2\/media?parent=772"}],"curies":[{"name":"wp","href":"https:\/\/api.w.org\/{rel}","templated":true}]}}